{"id":11398,"date":"2025-04-28T13:12:59","date_gmt":"2025-04-28T11:12:59","guid":{"rendered":"https:\/\/www.creusonslabible.fr\/?p=11398"},"modified":"2025-12-12T17:42:23","modified_gmt":"2025-12-12T15:42:23","slug":"ephesiens-6-armez-vous-episode-1","status":"publish","type":"sous-partie","link":"https:\/\/www.creusonslabible.fr\/?sous-partie=ephesiens-6-armez-vous-episode-1","title":{"rendered":"\u00c9ph\u00e9siens 6 : Armez-vous ! \u00c9pisode 1"},"content":{"rendered":"\n<h3 class=\"wp-block-heading\">L&rsquo;actualit\u00e9 le d\u00e9montre : quand un ennemi puissant vous menace il vaut mieux \u00eatre arm\u00e9 efficacement afin d&rsquo;\u00eatre dissuasif, se d\u00e9fendre en cas de besoin et m\u00eame contre-attaquer. Dans le monde spirituel, c&rsquo;est pareil. <\/h3>\n\n\n\n<h6 class=\"wp-block-heading\">Sommaire de la s\u00e9rie d\u2019articles<\/h6>\n\n\n\n<p><a href=\"https:\/\/www.creusonslabible.fr\/?p=11398\">\u00c9pisode 1 : Introduction<\/a> <\/p>\n\n\n\n<p><a href=\"https:\/\/www.creusonslabible.fr\/?p=11489\" data-type=\"post\" data-id=\"11489\">\u00c9pisode 2 : la ceinture<\/a><\/p>\n\n\n\n<p><a href=\"https:\/\/www.creusonslabible.fr\/?p=11491\" data-type=\"post\" data-id=\"11491\">\u00c9pisode 3 : la cuirasse<\/a><\/p>\n\n\n\n<p><a href=\"https:\/\/www.creusonslabible.fr\/?p=11589\" data-type=\"post\" data-id=\"11589\">\u00c9pisode 4\u202f: la sandale<\/a><\/p>\n\n\n\n<p><a href=\"https:\/\/www.creusonslabible.fr\/?p=11592\" data-type=\"post\" data-id=\"11592\">\u00c9pisode 5 : bouclier<\/a><\/p>\n\n\n\n<p><a href=\"https:\/\/www.creusonslabible.fr\/?p=11594\" data-type=\"post\" data-id=\"11594\">\u00c9pisode 6 : casque<\/a><\/p>\n\n\n\n<p><\/p>\n\n\n\n<p>Pour encourager les chr\u00e9tiens d&rsquo;\u00c9ph\u00e8se \u00e0 \u00ab\u00a0se comporter d&rsquo;une mani\u00e8re digne de l&rsquo;appel qu&rsquo;ils ont re\u00e7u\u00a0\u00bb, l&rsquo;ap\u00f4tre Paul prend une image qui parlait \u00e0 tout le monde : celle de l&rsquo;\u00e9quipement des soldats romains que les citoyens de la ville croisaient tous les jours :<\/p>\n\n\n\n<blockquote class=\"wp-block-quote is-layout-flow wp-block-quote-is-layout-flow\">\n<p>\u00c9ph\u00e9siens 6.10&nbsp;Au reste, soyez puissants dans le Seigneur, par sa force souveraine.&nbsp;11&nbsp;Rev\u00eatez toutes les armes de Dieu, afin de pouvoir tenir bon devant les manoeuvres du diable.&nbsp;12&nbsp;En effet, ce n&rsquo;est pas contre le sang et la chair que nous luttons, mais contre les principats, contre les autorit\u00e9s, contre les pouvoirs de ce monde de t\u00e9n\u00e8bres, contre les puissances spirituelles mauvaises qui sont dans les lieux c\u00e9lestes.&nbsp;<\/p>\n\n\n\n<p>13&nbsp;Prenez donc toutes les armes de Dieu, afin que vous puissiez r\u00e9sister dans le jour mauvais et, apr\u00e8s avoir tout mis en oeuvre, tenir bon.&nbsp;<\/p>\n\n\n\n<p>14&nbsp;Oui, tenez bon&nbsp;: ceignez vos reins de v\u00e9rit\u00e9 et <\/p>\n\n\n\n<p>rev\u00eatez la cuirasse de la justice&nbsp;;&nbsp;<\/p>\n\n\n\n<p>15&nbsp;mettez pour chaussures \u00e0 vos pieds les bonnes dispositions que donne la bonne nouvelle de la paix&nbsp;;&nbsp;<br>16&nbsp;prenez, en toutes circonstances, le bouclier de la foi, avec lequel vous pourrez \u00e9teindre tous les traits enflamm\u00e9s du Mauvais&nbsp;;&nbsp;<\/p>\n\n\n\n<p>17&nbsp;prenez aussi le casque du salut et<\/p>\n\n\n\n<p>l&rsquo;\u00e9p\u00e9e de l&rsquo;Esprit, qui est la Parole de Dieu.<\/p>\n\n\n\n<p>18&nbsp;Priez en tout temps par l&rsquo;Esprit, avec toutes sortes de pri\u00e8res et de supplications. Pour ce faire, restez \u00e9veill\u00e9s et consacrez-vous toujours assid\u00fbment \u00e0 supplier pour tous les saints&nbsp;;&nbsp;19&nbsp;pour moi aussi, afin que la parole, quand j&rsquo;ouvre la bouche, me soit donn\u00e9e pour que je fasse conna\u00eetre, avec assurance, le myst\u00e8re de la bonne nouvelle,&nbsp;20&nbsp;pour lequel je suis ambassadeur dans les cha\u00eenes&nbsp;; que j&rsquo;en parle avec assurance comme je dois en parler.&nbsp;<\/p>\n<\/blockquote>\n\n\n\n<p><\/p>\n\n\n\n<h2 class=\"wp-block-heading\"><strong>P<\/strong><strong>as contre le sang et la chair\u2026 <\/strong><\/h2>\n\n\n\n<p>Si Paul revisite l&rsquo;armure romaine, c&rsquo;est parce qu&rsquo;elle a d\u00e9montr\u00e9 son efficacit\u00e9. Avant de d\u00e9rouler sa m\u00e9taphore, l&rsquo;ap\u00f4tre commence donc pas d\u00e9crire le puissant ennemi auquel il faut r\u00e9sister.<\/p>\n\n\n\n<h4 class=\"wp-block-heading\">Ceci est un combat spirituel\u2026<\/h4>\n\n\n\n<p>L&rsquo;ennemi des \u00e9ph\u00e9siens n&rsquo;est pas un soldat normal, physique mais un combattant spirituel. L&rsquo;attaque est bien plus insidieuse car invisible et donc plus efficace et mortelle ! Et l\u00e0 encore, on ne parle pas de mort physique mais plut\u00f4t de mort spirituelle. Quelle est l&rsquo;identit\u00e9 de ce myst\u00e9rieux adversaire ? Le diable lui-m\u00eame (11) ! Si depuis l&rsquo;\u00e9pisode de Gen\u00e8se 3, il a r\u00e9ussi \u00e0 mettre physiquement \u00e0 mort  100% des humains, la question est de savoir comment lui r\u00e9sister dans le combat spirituel. On voit dans la Gen\u00e8se que Dieu se choisit une lign\u00e9e d&rsquo;adorateurs avec laquelle il va faire alliance. Pourtant, m\u00eame dans ce cadre beaucoup vont se d\u00e9tourner de la volont\u00e9 de leur Cr\u00e9ateur.<\/p>\n\n\n\n<figure class=\"wp-block-image size-full\"><img loading=\"lazy\" decoding=\"async\" width=\"873\" height=\"548\" src=\"https:\/\/www.creusonslabible.fr\/wp-content\/uploads\/2025\/04\/1024px-Roman_soldier_70_aC.jpg\" alt=\"\" class=\"wp-image-11460\" srcset=\"https:\/\/www.creusonslabible.fr\/wp-content\/uploads\/2025\/04\/1024px-Roman_soldier_70_aC.jpg 873w, https:\/\/www.creusonslabible.fr\/wp-content\/uploads\/2025\/04\/1024px-Roman_soldier_70_aC-300x188.jpg 300w, https:\/\/www.creusonslabible.fr\/wp-content\/uploads\/2025\/04\/1024px-Roman_soldier_70_aC-768x482.jpg 768w\" sizes=\"auto, (max-width: 873px) 100vw, 873px\" \/><\/figure>\n\n\n\n<h4 class=\"wp-block-heading\">contre un ennemi puissant et malfaisant\u2026<\/h4>\n\n\n\n<p>Le v.12 est du genre terrifiant car il d\u00e9crit toute une faune satanique d\u00e9vou\u00e9e \u00e0 notre perte ! Et quand nous lisons les moments d&rsquo;\u00e9garement parfois dramatiques d&rsquo;hommes aussi admirables qu&rsquo;Abraham (faisant passer sa femme pour soeur ou acceptant d&rsquo;avoir un enfant avec l&rsquo;esclave de sa femme alors qu&rsquo;il avait l&rsquo;habitude de faire preuve d&rsquo;une grande foi), Mo\u00efse (perdant ses nerfs une fois au milieu d&rsquo;une vie de soumission \u00e0 Dieu) ou David (coupable d&rsquo;adult\u00e8re et de meurtre) nous mesurons la puissance de l&rsquo;attaque pour nous-m\u00eames. Comme ces personnages bibliques nous sommes tous capables de faire preuve d&rsquo;une grande pi\u00e9t\u00e9\/fid\u00e9lit\u00e9 envers Dieu mais nous avons aussi notre c\u00f4t\u00e9 sombre, nos faiblesses qui peuvent nous entra\u00eener vers le pire.<\/p>\n\n\n\n<p> Celui qui l&rsquo;a tr\u00e8s bien d\u00e9montr\u00e9, c&rsquo;est Pierre dans Matthieu 16. Quand il fait preuve de discernement spirituel, J\u00e9sus utilise justement l&rsquo;expression employ\u00e9e par Paul : <\/p>\n\n\n\n<blockquote class=\"wp-block-quote is-layout-flow wp-block-quote-is-layout-flow\">\n<p>Matthieu 16.15 \u2013 Et pour vous (les disciples), leur dit J\u00e9sus, qui suis-je ? 16 Simon Pierre r\u00e9pondit : Toi, tu es le Christ, le Fils du Dieu vivant. 17 J\u00e9sus lui dit : Heureux es-tu, Simon, fils de Jonas ; car ce ne sont pas la chair et le sang qui t&rsquo;ont r\u00e9v\u00e9l\u00e9 cela, mais mon P\u00e8re qui est dans les cieux ! 18 Moi, je te dis que tu es Pierre, et sur cette pierre je construirai mon Eglise, et les portes du s\u00e9jour des morts ne pr\u00e9vaudront pas contre elle.<\/p>\n<\/blockquote>\n\n\n\n<p>Si les attaques contre les \u00e9ph\u00e9siens ne viennent pas \u00ab\u00a0du sang et de la chair\u00a0\u00bb d&rsquo;apr\u00e8s Paul, la (tr\u00e8s) bonne r\u00e9ponse de Pierre ne vient pas non plus de \u00ab\u00a0la chair et du sang\u00a0\u00bb d&rsquo;apr\u00e8s J\u00e9sus : c&rsquo;est Dieu qui lui a accord\u00e9 cette r\u00e9v\u00e9lation. Merveilleux ! Sauf que quelques minutes plus tard&#8230;<\/p>\n\n\n\n<blockquote class=\"wp-block-quote is-layout-flow wp-block-quote-is-layout-flow\">\n<p>Matthieu 16.21 D\u00e8s lors J\u00e9sus commen\u00e7a \u00e0 montrer \u00e0 ses disciples qu&rsquo;il lui fallait aller \u00e0 J\u00e9rusalem, souffrir beaucoup de la part des anciens, des grands pr\u00eatres et des scribes, \u00eatre tu\u00e9 et se r\u00e9veiller le troisi\u00e8me jour. 22 Pierre le prit \u00e0 part et se mit \u00e0 le rabrouer, en disant : Dieu t&rsquo;en pr\u00e9serve, Seigneur ! Cela ne t&rsquo;arrivera jamais. 23 Mais lui se retourna et dit \u00e0 Pierre : Va-t&rsquo;en derri\u00e8re moi, Satan ! Tu es pour moi une cause de chute, car tu ne penses pas comme Dieu, mais comme les humains.<\/p>\n<\/blockquote>\n\n\n\n<p>Ici Pierre a r\u00e9agi comme Adam, l&rsquo;humain qui a \u00e9cout\u00e9 Satan : il se rebelle contre la volont\u00e9 de Dieu en rabrouant J\u00e9sus. Cet \u00e9pisode nous montre bien tout le talent du Diable pour trouver le d\u00e9faut dans notre cuirasse qui d\u00e9truira en un clin d&rsquo;oeil tout l&rsquo;\u00e9difice de notre vie de foi ! <\/p>\n\n\n\n<h4 class=\"wp-block-heading\">&#8230; qui nous attaque.<\/h4>\n\n\n\n<p>Comment Satan s&rsquo;y prend-il ? De quelles fl\u00e8ches enflamm\u00e9es nous bombarde-t-il ? Il remet en cause notre identit\u00e9 d&rsquo;enfants de Dieu et joue avec nos failles li\u00e9es \u00e0 nos d\u00e9fauts de caract\u00e8re ou\/et \u00e0 des circonstances d\u00e9favorables pour nous. Avec Adam ou Abraham il a introduit un doute \u00e0 propos des v\u00e9ritables intentions Dieu, avec Mo\u00efse il a mis\u00e9 sur un gros craquage et enfin il a attendu que David se ramollisse sous les effets de la royaut\u00e9. Pierre, tr\u00e8s bien plac\u00e9 pour l&rsquo;affirmer, avait bien raison d&rsquo;affirmer :<\/p>\n\n\n\n<blockquote class=\"wp-block-quote is-layout-flow wp-block-quote-is-layout-flow\">\n<p>Ne vous laissez pas distraire, soyez vigilants. Votre adversaire, le diable, r\u00f4de autour de vous comme un lion rugissant, qui cherche quelqu&rsquo;un \u00e0 d\u00e9vorer. (1 Pierre 5.8)<\/p>\n<\/blockquote>\n\n\n\n<p>Comment r\u00e9sister pour ne pas se faire bouffer ? Une premi\u00e8re solution pourrait \u00eatre une pratique religieuse assidue avec des r\u00e8gles bien strictes qui ne laisseraient aucun loisir de p\u00e9cher. M\u00eame si ce genre de moyen de lutte peut \u00eatre utile, il est finalement vain car superficiel : cela revient \u00e0 lutter contre le sang et la chair ! J\u00e9sus le disait d\u00e9j\u00e0 \u00e0 des pharisiens qui voulaient imposer des rituels stricts :<\/p>\n\n\n\n<blockquote class=\"wp-block-quote is-layout-flow wp-block-quote-is-layout-flow\">\n<p>Marc 7.18 De tout ce qui vient du dehors et p\u00e9n\u00e8tre dans l&rsquo;homme, rien ne peut le rendre impur. 19 Tout cela, en effet, ne va pas dans son coeur mais dans son ventre, et est \u00e9vacu\u00e9 par les voies naturelles. \u2013 Il d\u00e9clarait par l\u00e0 m\u00eame que tous les aliments sont purs. \u2013 20 Et il ajouta :<br>\u2013 Ce qui sort de l&rsquo;homme, c&rsquo;est cela qui le rend impur. 21 Car c&rsquo;est du dedans, c&rsquo;est du coeur de l&rsquo;homme que proviennent les pens\u00e9es mauvaises qui m\u00e8nent \u00e0 l&rsquo;immoralit\u00e9, au vol, au meurtre, 22 \u00e0 l&rsquo;adult\u00e8re, l&rsquo;envie, la m\u00e9chancet\u00e9, la tromperie, le vice, la jalousie, le blasph\u00e8me, l&rsquo;orgueil, et \u00e0 toutes sortes de comportements insens\u00e9s. 23 Tout ce mal sort du dedans et rend l&rsquo;homme impur.<\/p>\n<\/blockquote>\n\n\n\n<p> L&rsquo;Ennemi est assez malin pour contourner nos obligations et interdictions et finalement nous faire tomber. Le traitement doit \u00eatre plus profond, l&rsquo;armure plus efficace. Une armure qui viendrait directement de Dieu, conform\u00e9ment \u00e0 cette proph\u00e9tie d&rsquo;\u00c9sa\u00efe dite dans un contexte de P\u00e9ch\u00e9 g\u00e9n\u00e9ralis\u00e9 au sein du royaume de Juda : <\/p>\n\n\n\n<blockquote class=\"wp-block-quote is-layout-flow wp-block-quote-is-layout-flow\">\n<p>\u00c9sa\u00efe 59.12 Nos r\u00e9voltes | contre toi sont nombreuses<br>et nos p\u00e9ch\u00e9s | t\u00e9moignent contre nous.<br>Nos fautes restent attach\u00e9es \u00e0 nous,<br>et nos \u00e9garements, | nous les connaissons bien.<br>13 Nous sommes des rebelles<br>et nous avons tromp\u00e9 | l&rsquo;\u00c9ternel, notre Dieu, | en lui tournant le dos.<br>Nous avons m\u00e9dit\u00e9 | l&rsquo;oppression, la r\u00e9volte,<br>et nous avons con\u00e7u, | nous avons projet\u00e9 | des propos mensongers | dans notre coeur.<br>14 Aussi, le droit recule<br>et la justice est loin de nous.<br>La v\u00e9rit\u00e9 tr\u00e9buche | sur la place publique,<br>et la droiture | ne peut y acc\u00e9der.<br>15 La v\u00e9rit\u00e9 a disparu<br>et celui qui se d\u00e9tourne du mal | se fait piller.<\/p>\n\n\n\n<p>Mais l&rsquo;\u00c9ternel a vu | avec indignation<br>qu&rsquo;il n&rsquo;y a plus de droit.<br>16 Il n&rsquo;a trouv\u00e9 personne | qui interc\u00e8de,<br>il s&rsquo;en est \u00e9tonn\u00e9.<br><strong>Alors son propre bras | lui est venu en aide,<br>et sa justice | a \u00e9t\u00e9 son soutien.<br>17 Il se rev\u00eat de la justice | comme d&rsquo;une cuirasse,<br>il s&rsquo;est mis sur la t\u00eate | le casque du salut.<br>En guise de tunique, | il s&rsquo;est drap\u00e9 | de la r\u00e9tribution,<br>il s&rsquo;est envelopp\u00e9 | d&rsquo;une ardeur combative | comme dans un manteau.<\/strong><\/p>\n<\/blockquote>\n\n\n\n<h4 class=\"wp-block-heading\">Heureusement Dieu nous fournit une armure pour \u00eatre puissants\u2026 en renfor\u00e7ant notre identit\u00e9<\/h4>\n\n\n\n<p>Les armes que Dieu donne, d&rsquo;apr\u00e8s Paul, correspondent \u00e0 des notions bibliques qui nous affermissent dans notre identit\u00e9 d&rsquo;enfants de Dieu. C&rsquo;est en effet tout ce que le Seigneur J\u00e9sus a accompli qui nous maintient sur le roc et nous \u00e9vite de re-basculer \u00ab\u00a0du c\u00f4t\u00e9 obscur de la Force\u00a0\u00bb. En lui, et seulement en lui, nous sommes spirituellement en s\u00e9curit\u00e9. C&rsquo;est le coeur du message de Paul \u00e0 propos du combat spirituel. Cela est coh\u00e9rent avec ce qu&rsquo;il disait dans sa lettre au Romains : <\/p>\n\n\n\n<blockquote class=\"wp-block-quote is-layout-flow wp-block-quote-is-layout-flow\">\n<p>Romains 13.12 La nuit tire \u00e0 sa fin, le jour va se lever. D\u00e9barrassons-nous de tout ce qui se fait dans les t\u00e9n\u00e8bres, et <strong>rev\u00eatons-nous de l&rsquo;armure de la lumi\u00e8re<\/strong>. 13 Vivons correctement, comme il convient en plein jour, sans orgies ni beuveries, sans d\u00e9bauche ni immoralit\u00e9, sans querelle ni jalousie. 14 <strong>Rev\u00eatez-vous du Seigneur J\u00e9sus-Christ<\/strong> et ne vous pr\u00e9occupez pas de satisfaire les d\u00e9sirs de l&rsquo;homme livr\u00e9 \u00e0 lui-m\u00eame.<\/p>\n<\/blockquote>\n\n\n\n<p>Gr\u00e2ce \u00e0 la signification des diff\u00e9rentes parties de l&rsquo;armure, nous pouvons aussi \u00e9tablir par d\u00e9duction la nature de l&rsquo;attaque diabolique et ainsi \u00eatre lucides \u00e0 propos de nos points faibles, vitaux qui doivent absolument \u00eatre prot\u00e9g\u00e9s. Le tableau ci-dessous peut nous aider \u00e0 visualiser tout cela : <\/p>\n\n\n\n<figure class=\"wp-block-image size-large\"><img loading=\"lazy\" decoding=\"async\" width=\"1024\" height=\"576\" src=\"https:\/\/www.creusonslabible.fr\/wp-content\/uploads\/2025\/04\/Soyez-puissants.001-1024x576.jpeg\" alt=\"\" class=\"wp-image-11463\" srcset=\"https:\/\/www.creusonslabible.fr\/wp-content\/uploads\/2025\/04\/Soyez-puissants.001-1024x576.jpeg 1024w, https:\/\/www.creusonslabible.fr\/wp-content\/uploads\/2025\/04\/Soyez-puissants.001-300x169.jpeg 300w, https:\/\/www.creusonslabible.fr\/wp-content\/uploads\/2025\/04\/Soyez-puissants.001-768x432.jpeg 768w, https:\/\/www.creusonslabible.fr\/wp-content\/uploads\/2025\/04\/Soyez-puissants.001-1536x864.jpeg 1536w, https:\/\/www.creusonslabible.fr\/wp-content\/uploads\/2025\/04\/Soyez-puissants.001.jpeg 1920w\" sizes=\"auto, (max-width: 1024px) 100vw, 1024px\" \/><\/figure>\n\n\n\n<p><\/p>\n\n\n\n<h4 class=\"wp-block-heading\">Ne soyons pas na\u00effs !<\/h4>\n\n\n\n<p>L&rsquo;actualit\u00e9 d\u00e9montre que ce montrer trop gentil ou passif face \u00e0 des pays agressifs est tr\u00e8s mauvais pour la sant\u00e9. Cela \u00e9quivaut \u00e0 \u00eatre des herbivores devant des carnivores affam\u00e9s ! Nous l&rsquo;avons d\u00e9j\u00e0 dit, en tant que brebis du Seigneur, nous avons face \u00e0 nous un lion qui veut nous d\u00e9vorer alors pla\u00e7ons-nous sous la protection du Bon Berger gr\u00e2ce \u00e0 la cuirasse qu&rsquo;il nous fournit. La na\u00efvet\u00e9 supr\u00eame serait soit de croire qu&rsquo;il n&rsquo;y a pas de danger ou bien de penser que nous sommes assez forts par nous-m\u00eame pour la contrer. Les prochaines fois, nous verront plus en d\u00e9tails comment l&rsquo;action transformatrice du Dieu trinitaire dans nos vies nous aide \u00e0 rester d\u00e9bout malgr\u00e9 la pluie de fl\u00e8ches tombant sur nous.<\/p>\n\n\n\n<p><\/p>\n\n\n\n<p>La suite <a href=\"https:\/\/www.creusonslabible.fr\/?p=11489\">ici<\/a> !<\/p>\n","protected":false},"excerpt":{"rendered":"<p>L&rsquo;actualit\u00e9 le d\u00e9montre : quand un ennemi puissant vous menace il vaut mieux \u00eatre arm\u00e9 efficacement afin d&rsquo;\u00eatre dissuasif, se d\u00e9fendre en cas de besoin et m\u00eame contre-attaquer. Dans le monde spirituel, c&rsquo;est pareil. Sommaire de la s\u00e9rie d\u2019articles \u00c9pisode 1 : Introduction \u00c9pisode 2 : la ceinture \u00c9pisode 3 : la cuirasse \u00c9pisode 4\u202f: [&hellip;]<\/p>\n","protected":false},"author":3,"featured_media":11399,"menu_order":0,"comment_status":"open","ping_status":"open","template":"","meta":{"_acf_changed":false,"_eb_attr":"","advgb_blocks_editor_width":"","advgb_blocks_columns_visual_guide":""},"categories":[24],"tags":[1152,211,651,591,23],"redacteur":[],"class_list":["post-11398","sous-partie","type-sous-partie","status-publish","has-post-thumbnail","hentry","category-textes-bibliques-commentes","tag-armure-spirituelle","tag-diable","tag-ecrit","tag-ephesiens-3","tag-nouveau-testament"],"blocksy_meta":[],"acf":[],"featured_img":"https:\/\/www.creusonslabible.fr\/wp-content\/uploads\/2025\/03\/1024px-Roman_holiday_birthplace_of_rome_roman_soldiers-883133.jpgd_.jpg","coauthors":[],"author_meta":{"author_link":"https:\/\/www.creusonslabible.fr\/?author=3","display_name":"Yoh"},"relative_dates":{"created":"Publi\u00e9 1 an il y a","modified":"Mis \u00e0 jour 5 mois il y a"},"absolute_dates":{"created":"Publi\u00e9 le 28 avril 2025","modified":"Mise \u00e0 jour le 12 d\u00e9cembre 2025"},"absolute_dates_time":{"created":"Publi\u00e9 le 28 avril 2025 13h12","modified":"Mise \u00e0 jour le 12 d\u00e9cembre 2025 17h42"},"featured_img_caption":"","tax_additional":{"category":{"linked":["<a href=\"https:\/\/www.creusonslabible.fr\/?cat=24\" class=\"advgb-post-tax-term\">Textes Bibliques comment\u00e9s<\/a>"],"unlinked":["<span class=\"advgb-post-tax-term\">Textes Bibliques comment\u00e9s<\/span>"],"slug":"category","name":"Cat\u00e9gories"},"post_tag":{"linked":["<a href=\"https:\/\/www.creusonslabible.fr\/?tag=armure-spirituelle\" class=\"advgb-post-tax-term\">armure spirituelle<\/a>","<a href=\"https:\/\/www.creusonslabible.fr\/?tag=diable\" class=\"advgb-post-tax-term\">diable<\/a>","<a href=\"https:\/\/www.creusonslabible.fr\/?tag=ecrit\" class=\"advgb-post-tax-term\">\u00e9crit<\/a>","<a href=\"https:\/\/www.creusonslabible.fr\/?tag=ephesiens-3\" class=\"advgb-post-tax-term\">Eph\u00e9siens<\/a>","<a href=\"https:\/\/www.creusonslabible.fr\/?tag=nouveau-testament\" class=\"advgb-post-tax-term\">Nouveau-Testament<\/a>"],"unlinked":["<span class=\"advgb-post-tax-term\">armure spirituelle<\/span>","<span class=\"advgb-post-tax-term\">diable<\/span>","<span class=\"advgb-post-tax-term\">\u00e9crit<\/span>","<span class=\"advgb-post-tax-term\">Eph\u00e9siens<\/span>","<span class=\"advgb-post-tax-term\">Nouveau-Testament<\/span>"],"slug":"post_tag","name":"\u00c9tiquettes"},"post_format":{"linked":[],"unlinked":[],"slug":"post_format","name":"Formats"},"redacteur":{"linked":[],"unlinked":[],"slug":"redacteur","name":"R\u00e9dacteurs"}},"series_order":"","meta_box":[],"_links":{"self":[{"href":"https:\/\/www.creusonslabible.fr\/index.php?rest_route=\/wp\/v2\/sous-partie\/11398","targetHints":{"allow":["GET"]}}],"collection":[{"href":"https:\/\/www.creusonslabible.fr\/index.php?rest_route=\/wp\/v2\/sous-partie"}],"about":[{"href":"https:\/\/www.creusonslabible.fr\/index.php?rest_route=\/wp\/v2\/types\/sous-partie"}],"author":[{"embeddable":true,"href":"https:\/\/www.creusonslabible.fr\/index.php?rest_route=\/wp\/v2\/users\/3"}],"replies":[{"embeddable":true,"href":"https:\/\/www.creusonslabible.fr\/index.php?rest_route=%2Fwp%2Fv2%2Fcomments&post=11398"}],"wp:featuredmedia":[{"embeddable":true,"href":"https:\/\/www.creusonslabible.fr\/index.php?rest_route=\/wp\/v2\/media\/11399"}],"wp:attachment":[{"href":"https:\/\/www.creusonslabible.fr\/index.php?rest_route=%2Fwp%2Fv2%2Fmedia&parent=11398"}],"wp:term":[{"taxonomy":"category","embeddable":true,"href":"https:\/\/www.creusonslabible.fr\/index.php?rest_route=%2Fwp%2Fv2%2Fcategories&post=11398"},{"taxonomy":"post_tag","embeddable":true,"href":"https:\/\/www.creusonslabible.fr\/index.php?rest_route=%2Fwp%2Fv2%2Ftags&post=11398"},{"taxonomy":"redacteur","embeddable":true,"href":"https:\/\/www.creusonslabible.fr\/index.php?rest_route=%2Fwp%2Fv2%2Fredacteur&post=11398"}],"curies":[{"name":"wp","href":"https:\/\/api.w.org\/{rel}","templated":true}]}}